{"id":202,"date":"2022-06-27T09:50:58","date_gmt":"2022-06-27T09:50:58","guid":{"rendered":"https:\/\/ncds.sk\/?page_id=202"},"modified":"2022-07-28T08:51:48","modified_gmt":"2022-07-28T08:51:48","slug":"ekzem","status":"publish","type":"page","link":"https:\/\/www.ncds.sk\/base\/?page_id=202","title":{"rendered":"Ekz\u00e9m (dermatit\u00edda)"},"content":{"rendered":"\t\t<div data-elementor-type=\"wp-page\" data-elementor-id=\"202\" class=\"elementor elementor-202\">\n\t\t\t\t\t\t\t\t\t<section class=\"elementor-section elementor-top-section elementor-element elementor-element-7e9de52 elementor-section-boxed elementor-section-height-default elementor-section-height-default\" data-id=\"7e9de52\" data-element_type=\"section\" data-settings=\"{&quot;_ha_eqh_enable&quot;:false}\">\n\t\t\t\t\t\t<div class=\"elementor-container elementor-column-gap-default\">\n\t\t\t\t\t<div class=\"elementor-column elementor-col-100 elementor-top-column elementor-element elementor-element-09b73ae\" data-id=\"09b73ae\" data-element_type=\"column\">\n\t\t\t<div class=\"elementor-widget-wrap elementor-element-populated\">\n\t\t\t\t\t\t\t\t<div class=\"elementor-element elementor-element-4dcbbc7 elementor-widget elementor-widget-heading\" data-id=\"4dcbbc7\" data-element_type=\"widget\" data-widget_type=\"heading.default\">\n\t\t\t\t<div class=\"elementor-widget-container\">\n\t\t\t<style>\/*! elementor - v3.6.5 - 27-04-2022 *\/\n.elementor-heading-title{padding:0;margin:0;line-height:1}.elementor-widget-heading .elementor-heading-title[class*=elementor-size-]>a{color:inherit;font-size:inherit;line-height:inherit}.elementor-widget-heading .elementor-heading-title.elementor-size-small{font-size:15px}.elementor-widget-heading .elementor-heading-title.elementor-size-medium{font-size:19px}.elementor-widget-heading .elementor-heading-title.elementor-size-large{font-size:29px}.elementor-widget-heading .elementor-heading-title.elementor-size-xl{font-size:39px}.elementor-widget-heading .elementor-heading-title.elementor-size-xxl{font-size:59px}<\/style><h2 class=\"elementor-heading-title elementor-size-default\">Ekz\u00e9m (dermatit\u00edda)<\/h2>\t\t<\/div>\n\t\t\t\t<\/div>\n\t\t\t\t\t<\/div>\n\t\t<\/div>\n\t\t\t\t\t\t\t<\/div>\n\t\t<\/section>\n\t\t\t\t<section class=\"elementor-section elementor-top-section elementor-element elementor-element-fe21049 elementor-section-boxed elementor-section-height-default elementor-section-height-default\" data-id=\"fe21049\" data-element_type=\"section\" data-settings=\"{&quot;_ha_eqh_enable&quot;:false}\">\n\t\t\t\t\t\t<div class=\"elementor-container elementor-column-gap-default\">\n\t\t\t\t\t<div class=\"elementor-column elementor-col-100 elementor-top-column elementor-element elementor-element-d1c0a23\" data-id=\"d1c0a23\" data-element_type=\"column\">\n\t\t\t<div class=\"elementor-widget-wrap elementor-element-populated\">\n\t\t\t\t\t\t\t\t<div class=\"elementor-element elementor-element-4b3d043 elementor-widget elementor-widget-heading\" data-id=\"4b3d043\" data-element_type=\"widget\" data-widget_type=\"heading.default\">\n\t\t\t\t<div class=\"elementor-widget-container\">\n\t\t\t<h5 class=\"elementor-heading-title elementor-size-default\">\u010co je to ekz\u00e9m?<\/h5>\t\t<\/div>\n\t\t\t\t<\/div>\n\t\t\t\t\t<\/div>\n\t\t<\/div>\n\t\t\t\t\t\t\t<\/div>\n\t\t<\/section>\n\t\t\t\t<section class=\"elementor-section elementor-top-section elementor-element elementor-element-b0b770f elementor-section-boxed elementor-section-height-default elementor-section-height-default\" data-id=\"b0b770f\" data-element_type=\"section\" data-settings=\"{&quot;_ha_eqh_enable&quot;:false}\">\n\t\t\t\t\t\t<div class=\"elementor-container elementor-column-gap-default\">\n\t\t\t\t\t<div class=\"elementor-column elementor-col-50 elementor-top-column elementor-element elementor-element-84d526a\" data-id=\"84d526a\" data-element_type=\"column\">\n\t\t\t<div class=\"elementor-widget-wrap elementor-element-populated\">\n\t\t\t\t\t\t\t\t<div class=\"elementor-element elementor-element-6a84afd elementor-widget elementor-widget-text-editor\" data-id=\"6a84afd\" data-element_type=\"widget\" data-widget_type=\"text-editor.default\">\n\t\t\t\t<div class=\"elementor-widget-container\">\n\t\t\t<style>\/*! elementor - v3.6.5 - 27-04-2022 *\/\n.elementor-widget-text-editor.elementor-drop-cap-view-stacked .elementor-drop-cap{background-color:#818a91;color:#fff}.elementor-widget-text-editor.elementor-drop-cap-view-framed .elementor-drop-cap{color:#818a91;border:3px solid;background-color:transparent}.elementor-widget-text-editor:not(.elementor-drop-cap-view-default) .elementor-drop-cap{margin-top:8px}.elementor-widget-text-editor:not(.elementor-drop-cap-view-default) .elementor-drop-cap-letter{width:1em;height:1em}.elementor-widget-text-editor .elementor-drop-cap{float:left;text-align:center;line-height:1;font-size:50px}.elementor-widget-text-editor .elementor-drop-cap-letter{display:inline-block}<\/style>\t\t\t\t<p>Ekz\u00e9mom \u010dasto ozna\u010dujeme ak\u00fako\u013evek vyr\u00e1\u017eku na ko\u017ei alebo r\u00f4zne farebn\u00e9 a svrbiv\u00e9 \u0161kvrny. Ekz\u00e9mov &nbsp;je pritom mnoho druhov a maj\u00fa r\u00f4zne pr\u00ed\u010diny, rovnako ako je \u0161irok\u00e9 spektrum ich z\u00e1va\u017enosti a lie\u010dby.<\/p>\n<p>Ko\u017en\u00e9 onemocnenie naz\u00fdvan\u00e9 ekz\u00e9mom (dermatit\u00edda) je spolo\u010dn\u00fd term\u00edn pre neinfek\u010dn\u00e9 z\u00e1paly ko\u017ee, ktor\u00e9 nie s\u00fa n\u00e1kazliv\u00e9. Medzi hlavn\u00e9 sympt\u00f3my dermatit\u00eddy patr\u00ed svrbenie, za\u010dervenanie ko\u017ee, niekedy sa vytv\u00e1raj\u00fa p\u013euzgiere, ktor\u00e9 n\u00e1sledne praskaj\u00fa a&nbsp;olupuj\u00fa sa (er\u00f3zia ko\u017ee). Na vznik ekz\u00e9mov maj\u00fa vplyv r\u00f4zne l\u00e1tky nach\u00e1dzaj\u00face sa v okolitom prostred\u00ed, ktor\u00e9 sa dostan\u00fa do styku s poko\u017ekou, vd\u00fdchnut\u00edm alebo peror\u00e1lne (tekutinou alebo potravinou). Niekedy ich priebeh trv\u00e1 p\u00e1r dn\u00ed, inokedy prebieha dlhodobo a opakovane sa vracia, tak\u017ee m\u00f4\u017ee tr\u00e1pi\u0165 \u010dloveka od detstva a\u017e do dospelosti \u010d\u00edm ovplyv\u0148uje kvalitu \u017eivota jeho i jeho najbli\u017e\u0161\u00edch.<\/p>\t\t\t\t\t\t<\/div>\n\t\t\t\t<\/div>\n\t\t\t\t\t<\/div>\n\t\t<\/div>\n\t\t\t\t<div class=\"elementor-column elementor-col-50 elementor-top-column elementor-element elementor-element-346c340\" data-id=\"346c340\" data-element_type=\"column\">\n\t\t\t<div class=\"elementor-widget-wrap elementor-element-populated\">\n\t\t\t\t\t\t\t\t<div class=\"elementor-element elementor-element-36ea83c elementor-widget elementor-widget-image\" data-id=\"36ea83c\" data-element_type=\"widget\" data-widget_type=\"image.default\">\n\t\t\t\t<div class=\"elementor-widget-container\">\n\t\t\t<style>\/*! elementor - v3.6.5 - 27-04-2022 *\/\n.elementor-widget-image{text-align:center}.elementor-widget-image a{display:inline-block}.elementor-widget-image a img[src$=\".svg\"]{width:48px}.elementor-widget-image img{vertical-align:middle;display:inline-block}<\/style>\t\t\t\t\t\t\t\t\t\t\t\t<img loading=\"lazy\" decoding=\"async\" width=\"741\" height=\"550\" src=\"https:\/\/www.ncds.sk\/base\/wp-content\/uploads\/2022\/07\/ekzem2.jpeg\" class=\"attachment-large size-large\" alt=\"\" srcset=\"https:\/\/www.ncds.sk\/base\/wp-content\/uploads\/2022\/07\/ekzem2.jpeg 741w, https:\/\/www.ncds.sk\/base\/wp-content\/uploads\/2022\/07\/ekzem2-300x223.jpeg 300w, https:\/\/www.ncds.sk\/base\/wp-content\/uploads\/2022\/07\/ekzem2-600x445.jpeg 600w\" sizes=\"auto, (max-width: 741px) 100vw, 741px\" \/>\t\t\t\t\t\t\t\t\t\t\t\t\t\t\t<\/div>\n\t\t\t\t<\/div>\n\t\t\t\t\t<\/div>\n\t\t<\/div>\n\t\t\t\t\t\t\t<\/div>\n\t\t<\/section>\n\t\t\t\t<section class=\"elementor-section elementor-top-section elementor-element elementor-element-41cbe8a elementor-section-boxed elementor-section-height-default elementor-section-height-default\" data-id=\"41cbe8a\" data-element_type=\"section\" data-settings=\"{&quot;_ha_eqh_enable&quot;:false}\">\n\t\t\t\t\t\t<div class=\"elementor-container elementor-column-gap-default\">\n\t\t\t\t\t<div class=\"elementor-column elementor-col-100 elementor-top-column elementor-element elementor-element-c329217\" data-id=\"c329217\" data-element_type=\"column\">\n\t\t\t<div class=\"elementor-widget-wrap elementor-element-populated\">\n\t\t\t\t\t\t\t\t<div class=\"elementor-element elementor-element-35fa600 elementor-widget elementor-widget-text-editor\" data-id=\"35fa600\" data-element_type=\"widget\" data-widget_type=\"text-editor.default\">\n\t\t\t\t<div class=\"elementor-widget-container\">\n\t\t\t\t\t\t\t<p>Nejde o z\u00e1va\u017en\u00e9 \u010di \u017eivot ohrozuj\u00face ochorenie (takto to hodnot\u00ed dne\u0161n\u00e1 medic\u00edna), ale \u010dasto ve\u013emi nepr\u00edjemn\u00e9 a n\u00e1ro\u010dn\u00e9 na psychiku. \u010coraz \u010dastej\u0161ie m\u00e1 v\u0161ak priebeh tejto patol\u00f3gie u\u00a0mnoh\u00fdch pacientov sk\u00f4r charakter de\u0161trukt\u00edvneho procesu, ved\u00faceho k\u00a0siln\u00fdm vonkaj\u0161\u00edm prejavom ochorenia, ktor\u00e9 prin\u00e1\u0161a niekedy a\u017e \u00fapln\u00e9 vyradeniu pacienta zo spolo\u010densk\u00e9ho \u017eivota.<\/p>\t\t\t\t\t\t<\/div>\n\t\t\t\t<\/div>\n\t\t\t\t\t<\/div>\n\t\t<\/div>\n\t\t\t\t\t\t\t<\/div>\n\t\t<\/section>\n\t\t\t\t<section class=\"elementor-section elementor-top-section elementor-element elementor-element-c957cc7 elementor-section-boxed elementor-section-height-default elementor-section-height-default\" data-id=\"c957cc7\" data-element_type=\"section\" data-settings=\"{&quot;_ha_eqh_enable&quot;:false}\">\n\t\t\t\t\t\t<div class=\"elementor-container elementor-column-gap-default\">\n\t\t\t\t\t<div class=\"elementor-column elementor-col-100 elementor-top-column elementor-element elementor-element-3f18206\" data-id=\"3f18206\" data-element_type=\"column\">\n\t\t\t<div class=\"elementor-widget-wrap elementor-element-populated\">\n\t\t\t\t\t\t\t\t<div class=\"elementor-element elementor-element-e2a9fc9 elementor-widget elementor-widget-text-editor\" data-id=\"e2a9fc9\" data-element_type=\"widget\" data-widget_type=\"text-editor.default\">\n\t\t\t\t<div class=\"elementor-widget-container\">\n\t\t\t\t\t\t\t<h3>Atopick\u00fd ekz\u00e9m:<\/h3><ul><li>Dyshidrotick\u00fd ekz\u00e9m<\/li><li>Numul\u00e1rny (mikrobi\u00e1lny ekz\u00e9m)<\/li><\/ul><h3>Kontaktn\u00e1 dermatit\u00edda<\/h3><ul><li>Kontaktn\u00fd alergick\u00fd ekz\u00e9m (dermatitis)<\/li><li>Kontaktn\u00e1 irita\u010dn\u00e1 dermatit\u00edda<\/li><li>Fotoalergick\u00e1 kontaktn\u00e1 dermatit\u00edda<\/li><\/ul>\t\t\t\t\t\t<\/div>\n\t\t\t\t<\/div>\n\t\t\t\t\t<\/div>\n\t\t<\/div>\n\t\t\t\t\t\t\t<\/div>\n\t\t<\/section>\n\t\t\t\t<section class=\"elementor-section elementor-top-section elementor-element elementor-element-8ed8172 elementor-section-boxed elementor-section-height-default elementor-section-height-default\" data-id=\"8ed8172\" data-element_type=\"section\" data-settings=\"{&quot;_ha_eqh_enable&quot;:false}\">\n\t\t\t\t\t\t<div class=\"elementor-container elementor-column-gap-default\">\n\t\t\t\t\t<div class=\"elementor-column elementor-col-100 elementor-top-column elementor-element elementor-element-97a0032\" data-id=\"97a0032\" data-element_type=\"column\">\n\t\t\t<div class=\"elementor-widget-wrap elementor-element-populated\">\n\t\t\t\t\t\t\t\t<div class=\"elementor-element elementor-element-f4aa28f elementor-widget elementor-widget-heading\" data-id=\"f4aa28f\" data-element_type=\"widget\" data-widget_type=\"heading.default\">\n\t\t\t\t<div class=\"elementor-widget-container\">\n\t\t\t<h2 class=\"elementor-heading-title elementor-size-default\">Druhy ekz\u00e9mov<\/h2>\t\t<\/div>\n\t\t\t\t<\/div>\n\t\t\t\t\t<\/div>\n\t\t<\/div>\n\t\t\t\t\t\t\t<\/div>\n\t\t<\/section>\n\t\t\t\t<section class=\"elementor-section elementor-top-section elementor-element elementor-element-39bb0ef elementor-section-boxed elementor-section-height-default elementor-section-height-default\" data-id=\"39bb0ef\" data-element_type=\"section\" data-settings=\"{&quot;_ha_eqh_enable&quot;:false}\">\n\t\t\t\t\t\t<div class=\"elementor-container elementor-column-gap-default\">\n\t\t\t\t\t<div class=\"elementor-column elementor-col-100 elementor-top-column elementor-element elementor-element-626bd37\" data-id=\"626bd37\" data-element_type=\"column\">\n\t\t\t<div class=\"elementor-widget-wrap elementor-element-populated\">\n\t\t\t\t\t\t\t\t<div class=\"elementor-element elementor-element-96bf690 elementor-widget elementor-widget-toggle\" data-id=\"96bf690\" data-element_type=\"widget\" data-widget_type=\"toggle.default\">\n\t\t\t\t<div class=\"elementor-widget-container\">\n\t\t\t<style>\/*! elementor - v3.6.5 - 27-04-2022 *\/\n.elementor-toggle{text-align:left}.elementor-toggle .elementor-tab-title{font-weight:700;line-height:1;margin:0;padding:15px;border-bottom:1px solid #d4d4d4;cursor:pointer;outline:none}.elementor-toggle .elementor-tab-title .elementor-toggle-icon{display:inline-block;width:1em}.elementor-toggle .elementor-tab-title .elementor-toggle-icon svg{-webkit-margin-start:-5px;margin-inline-start:-5px;width:1em;height:1em}.elementor-toggle .elementor-tab-title .elementor-toggle-icon.elementor-toggle-icon-right{float:right;text-align:right}.elementor-toggle .elementor-tab-title .elementor-toggle-icon.elementor-toggle-icon-left{float:left;text-align:left}.elementor-toggle .elementor-tab-title .elementor-toggle-icon .elementor-toggle-icon-closed{display:block}.elementor-toggle .elementor-tab-title .elementor-toggle-icon .elementor-toggle-icon-opened{display:none}.elementor-toggle .elementor-tab-title.elementor-active{border-bottom:none}.elementor-toggle .elementor-tab-title.elementor-active .elementor-toggle-icon-closed{display:none}.elementor-toggle .elementor-tab-title.elementor-active .elementor-toggle-icon-opened{display:block}.elementor-toggle .elementor-tab-content{padding:15px;border-bottom:1px solid #d4d4d4;display:none}@media (max-width:767px){.elementor-toggle .elementor-tab-title{padding:12px}.elementor-toggle .elementor-tab-content{padding:12px 10px}}<\/style>\t\t<div class=\"elementor-toggle\" role=\"tablist\">\n\t\t\t\t\t\t\t<div class=\"elementor-toggle-item\">\n\t\t\t\t\t<div id=\"elementor-tab-title-1581\" class=\"elementor-tab-title\" data-tab=\"1\" role=\"tab\" aria-controls=\"elementor-tab-content-1581\" aria-expanded=\"false\">\n\t\t\t\t\t\t\t\t\t\t\t\t<span class=\"elementor-toggle-icon elementor-toggle-icon-left\" aria-hidden=\"true\">\n\t\t\t\t\t\t\t\t\t\t\t\t\t\t\t<span class=\"elementor-toggle-icon-closed\"><i class=\"fas fa-caret-right\"><\/i><\/span>\n\t\t\t\t\t\t\t\t<span class=\"elementor-toggle-icon-opened\"><i class=\"elementor-toggle-icon-opened fas fa-caret-up\"><\/i><\/span>\n\t\t\t\t\t\t\t\t\t\t\t\t\t<\/span>\n\t\t\t\t\t\t\t\t\t\t\t\t<a href=\"\" class=\"elementor-toggle-title\">Atopick\u00fd ekz\u00e9m (atopick\u00e1 dermatit\u00edda \u2013 AD)<\/a>\n\t\t\t\t\t<\/div>\n\n\t\t\t\t\t<div id=\"elementor-tab-content-1581\" class=\"elementor-tab-content elementor-clearfix\" data-tab=\"1\" role=\"tabpanel\" aria-labelledby=\"elementor-tab-title-1581\"><p>Jedn\u00e1 sa o imunitn\u00fa odpove\u010f organizmu na z\u00e1klade vrodenej predispozicie a prejavuje sa hlavne svrben\u00edm, suchos\u0165ou ko\u017ee, bledos\u0165ou alebo za\u010dervenan\u00edm, olupovan\u00edm ko\u017ee alebo objaven\u00edm sa mal\u00fdch p\u013euzgierov predov\u0161etk\u00fdm na dlaniach r\u00fak a\u00a0na chodidl\u00e1ch n\u00f4h. Onemocnenie nastupuje \u010dasto kr\u00e1t u\u017e v kojeneckom veku, niekedy po\u010das detstv\u00e1 vymizne, niekedy sprev\u00e1dza \u010dloveka po cel\u00fd \u017eivot.<\/p><\/div>\n\t\t\t\t<\/div>\n\t\t\t\t\t\t\t<div class=\"elementor-toggle-item\">\n\t\t\t\t\t<div id=\"elementor-tab-title-1582\" class=\"elementor-tab-title\" data-tab=\"2\" role=\"tab\" aria-controls=\"elementor-tab-content-1582\" aria-expanded=\"false\">\n\t\t\t\t\t\t\t\t\t\t\t\t<span class=\"elementor-toggle-icon elementor-toggle-icon-left\" aria-hidden=\"true\">\n\t\t\t\t\t\t\t\t\t\t\t\t\t\t\t<span class=\"elementor-toggle-icon-closed\"><i class=\"fas fa-caret-right\"><\/i><\/span>\n\t\t\t\t\t\t\t\t<span class=\"elementor-toggle-icon-opened\"><i class=\"elementor-toggle-icon-opened fas fa-caret-up\"><\/i><\/span>\n\t\t\t\t\t\t\t\t\t\t\t\t\t<\/span>\n\t\t\t\t\t\t\t\t\t\t\t\t<a href=\"\" class=\"elementor-toggle-title\">Dyshidrotick\u00e1 dermatitida<\/a>\n\t\t\t\t\t<\/div>\n\n\t\t\t\t\t<div id=\"elementor-tab-content-1582\" class=\"elementor-tab-content elementor-clearfix\" data-tab=\"2\" role=\"tabpanel\" aria-labelledby=\"elementor-tab-title-1582\"><p>Typ ekz\u00e9mu, ktor\u00fd sa omedzuje predov\u0161etk\u00fdm na prsty, dlane a chodidla n\u00f4h. Prejavuje sa \u010derven\u00fdmi \u0161kvrnami s p\u013euzgierikmi naplnen\u00fdmi \u010d\u00edrou tekutinou, ktor\u00e9 n\u00e1sledne praskaj\u00fa,\u00a0 ko\u017ea postupne sa olupuje. Toto onemocnenie je pova\u017eovane za druh atopick\u00e9ho ekz\u00e9mu, alebo m\u00f4\u017ee by\u0165 aj prejavom kontaktn\u00e9ho alergick\u00e9ho ekz\u00e9mu.<\/p><\/div>\n\t\t\t\t<\/div>\n\t\t\t\t\t\t\t<div class=\"elementor-toggle-item\">\n\t\t\t\t\t<div id=\"elementor-tab-title-1583\" class=\"elementor-tab-title\" data-tab=\"3\" role=\"tab\" aria-controls=\"elementor-tab-content-1583\" aria-expanded=\"false\">\n\t\t\t\t\t\t\t\t\t\t\t\t<span class=\"elementor-toggle-icon elementor-toggle-icon-left\" aria-hidden=\"true\">\n\t\t\t\t\t\t\t\t\t\t\t\t\t\t\t<span class=\"elementor-toggle-icon-closed\"><i class=\"fas fa-caret-right\"><\/i><\/span>\n\t\t\t\t\t\t\t\t<span class=\"elementor-toggle-icon-opened\"><i class=\"elementor-toggle-icon-opened fas fa-caret-up\"><\/i><\/span>\n\t\t\t\t\t\t\t\t\t\t\t\t\t<\/span>\n\t\t\t\t\t\t\t\t\t\t\t\t<a href=\"\" class=\"elementor-toggle-title\">Numul\u00e1rna dermatit\u00edda<\/a>\n\t\t\t\t\t<\/div>\n\n\t\t\t\t\t<div id=\"elementor-tab-content-1583\" class=\"elementor-tab-content elementor-clearfix\" data-tab=\"3\" role=\"tabpanel\" aria-labelledby=\"elementor-tab-title-1583\"><p>Numul\u00e1rna dermatit\u00edda je neinfek\u010dn\u00e9 z\u00e1palov\u00e9 ochorenie ko\u017ee, na v\u00fdvoji ktor\u00e9ho sa pravdepodobne z\u00fa\u010dast\u0148uje komplex imunitn\u00e9ho syst\u00e9mu a genetick\u00e1 predispoz\u00edcia pacienta.\u00a0Chronick\u00fd ekz\u00e9m, ktor\u00fd sa vyzna\u010duje suchou ko\u017eou a gu\u013eat\u00fdmi, ohrani\u010den\u00fdmi nesvrbiacimi \u0161kvrnami, hlavne na doln\u00fdch kon\u010datin\u00e1ch. Stav sa zhor\u0161uje v zimn\u00fdch mesiacoch. Onemocnenie je pova\u017eovan\u00e9 za druh atopick\u00e9ho ekz\u00e9mu, kde svoju \u00falohu hr\u00e1 chronick\u00e1 infekcia (pravdepodobne ide o zv\u00fd\u0161en\u00fa citlivos\u0165 buniek ko\u017ee, ktor\u00e9 s\u00fa nadmieru vn\u00edmav\u00e9 na produkty niektor\u00fdch bakt\u00e9ri\u00ed, najm\u00e4 stafylokokov, kolonizuj\u00facich vo zv\u00fd\u0161enej miere ko\u017eu s\u00a0oslabenou obranyschopnos\u0165ou).<\/p><\/div>\n\t\t\t\t<\/div>\n\t\t\t\t\t\t\t<div class=\"elementor-toggle-item\">\n\t\t\t\t\t<div id=\"elementor-tab-title-1584\" class=\"elementor-tab-title\" data-tab=\"4\" role=\"tab\" aria-controls=\"elementor-tab-content-1584\" aria-expanded=\"false\">\n\t\t\t\t\t\t\t\t\t\t\t\t<span class=\"elementor-toggle-icon elementor-toggle-icon-left\" aria-hidden=\"true\">\n\t\t\t\t\t\t\t\t\t\t\t\t\t\t\t<span class=\"elementor-toggle-icon-closed\"><i class=\"fas fa-caret-right\"><\/i><\/span>\n\t\t\t\t\t\t\t\t<span class=\"elementor-toggle-icon-opened\"><i class=\"elementor-toggle-icon-opened fas fa-caret-up\"><\/i><\/span>\n\t\t\t\t\t\t\t\t\t\t\t\t\t<\/span>\n\t\t\t\t\t\t\t\t\t\t\t\t<a href=\"\" class=\"elementor-toggle-title\">Kontaktn\u00e1 dermatit\u00edda (alergick\u00e1 alebo irita\u010dn\u00e1), (eczema contactum, alergicum)<\/a>\n\t\t\t\t\t<\/div>\n\n\t\t\t\t\t<div id=\"elementor-tab-content-1584\" class=\"elementor-tab-content elementor-clearfix\" data-tab=\"4\" role=\"tabpanel\" aria-labelledby=\"elementor-tab-title-1584\"><p><strong>Kontaktn\u00fd ekz\u00e9m je alergick\u00e9 z\u00e1palov\u00e9 ko\u017en\u00e9 ochorenie vyvolan\u00e9 expoz\u00edciou<\/strong>, vystaven\u00edm ko\u017ee precitliven\u00e9ho jedinca \u0161pecifick\u00e9mu kontaktn\u00e9mu alerg\u00e9nu. Je to alergick\u00e1 reakcia organizmu na podnety vonkaj\u0161ieho a\u00a0vn\u00fatorn\u00e9ho prostredia, prejavuj\u00faca sa z\u00e1palom ko\u017ee. Ke\u010f sa ko\u017ea dostane do kontaktu s\u00a0alerg\u00e9nmi alebo dr\u00e1\u017ediv\u00fdmi l\u00e1tkami, m\u00f4\u017eu tieto vyvola\u0165 z\u00e1pal ko\u017ee v mieste dotyku. Tieto sympt\u00f3my sa objavuj\u00fa pri kontakte s chemikaliami, kovmi (Ni, Cr, Au), konzerva\u010dn\u00fdmi l\u00e1tkami obsiahnut\u00fdch v kozmetick\u00fdch a farmaceutick\u00fdch pr\u00edpravkoch, pri vd\u00fdchnut\u00ed r\u00f4znych v\u00fdparov, po zjeden\u00ed potrav\u00edn. K reakcii m\u00f4\u017ee d\u00f4js\u0165 niekedy aj nesk\u00f4r a\u017e po nieko\u013ek\u00fdch rokov neust\u00e1leho p\u00f4sobenia ur\u010ditej l\u00e1tky. Ide o\u00a0tzv. kumulat\u00edvny efekt.<\/p><\/div>\n\t\t\t\t<\/div>\n\t\t\t\t\t\t\t<div class=\"elementor-toggle-item\">\n\t\t\t\t\t<div id=\"elementor-tab-title-1585\" class=\"elementor-tab-title\" data-tab=\"5\" role=\"tab\" aria-controls=\"elementor-tab-content-1585\" aria-expanded=\"false\">\n\t\t\t\t\t\t\t\t\t\t\t\t<span class=\"elementor-toggle-icon elementor-toggle-icon-left\" aria-hidden=\"true\">\n\t\t\t\t\t\t\t\t\t\t\t\t\t\t\t<span class=\"elementor-toggle-icon-closed\"><i class=\"fas fa-caret-right\"><\/i><\/span>\n\t\t\t\t\t\t\t\t<span class=\"elementor-toggle-icon-opened\"><i class=\"elementor-toggle-icon-opened fas fa-caret-up\"><\/i><\/span>\n\t\t\t\t\t\t\t\t\t\t\t\t\t<\/span>\n\t\t\t\t\t\t\t\t\t\t\t\t<a href=\"\" class=\"elementor-toggle-title\">Fotoalergick\u00e1 kontaktn\u00e1 dermatit\u00edda<\/a>\n\t\t\t\t\t<\/div>\n\n\t\t\t\t\t<div id=\"elementor-tab-content-1585\" class=\"elementor-tab-content elementor-clearfix\" data-tab=\"5\" role=\"tabpanel\" aria-labelledby=\"elementor-tab-title-1585\"><p>Po pou\u017eit\u00ed fotosenzibiliz\u00e1\u010dneho pr\u00edpravku a n\u00e1sledn\u00e9mu vystaveniu sa slne\u010dn\u00e9mu \u017eiareniu \u00a0m\u00f4\u017ee nasta\u0165, \u017ee ko\u017ea zareaguje za\u010dervenan\u00edm, m\u00f4\u017eu sa vytvori\u0165 a\u017e p\u013euzgiere, v\u00e4\u010d\u0161inou sprev\u00e1dzan\u00e9 nepr\u00edjemn\u00fdm svrben\u00edm (fotodermat\u00f3za). Fotosenzibiliz\u00e1\u010dne l\u00e1tky sa \u010dasto pou\u017e\u00edvaj\u00fa v\u00a0medic\u00edne pri fotodynamickej terapii n\u00e1dorov (PDT) ale nach\u00e1dzaj\u00fa sa aj v\u00a0pr\u00edrode vr\u00e1tane lie\u010div\u00fdch rastl\u00edn.<\/p><\/div>\n\t\t\t\t<\/div>\n\t\t\t\t\t\t\t<div class=\"elementor-toggle-item\">\n\t\t\t\t\t<div id=\"elementor-tab-title-1586\" class=\"elementor-tab-title\" data-tab=\"6\" role=\"tab\" aria-controls=\"elementor-tab-content-1586\" aria-expanded=\"false\">\n\t\t\t\t\t\t\t\t\t\t\t\t<span class=\"elementor-toggle-icon elementor-toggle-icon-left\" aria-hidden=\"true\">\n\t\t\t\t\t\t\t\t\t\t\t\t\t\t\t<span class=\"elementor-toggle-icon-closed\"><i class=\"fas fa-caret-right\"><\/i><\/span>\n\t\t\t\t\t\t\t\t<span class=\"elementor-toggle-icon-opened\"><i class=\"elementor-toggle-icon-opened fas fa-caret-up\"><\/i><\/span>\n\t\t\t\t\t\t\t\t\t\t\t\t\t<\/span>\n\t\t\t\t\t\t\t\t\t\t\t\t<a href=\"\" class=\"elementor-toggle-title\">Seboroick\u00e1 dermatitida<\/a>\n\t\t\t\t\t<\/div>\n\n\t\t\t\t\t<div id=\"elementor-tab-content-1586\" class=\"elementor-tab-content elementor-clearfix\" data-tab=\"6\" role=\"tabpanel\" aria-labelledby=\"elementor-tab-title-1586\"><p><strong>Seboroick\u00e1 dermatitida<\/strong>\u00a0je neinfek\u010dn\u00e9 z\u00e1palov\u00e9 ko\u017en\u00e9 onemocnenie. Postihuje poko\u017eku\u00a0hlavy,\u00a0tv\u00e1re\u00a0a\u00a0tela. Prejavuje sa mastn\u00fdmi, \u0161upinat\u00fdmi a z\u00e1palov\u00fdmi lo\u017eiskami ko\u017ee. Miesta postihnut\u00e9 seboreou s\u00fa potiahnut\u00e9 \u010derven\u00fdmi a \u017elt\u00fdmi \u0161upinkami, ktor\u00e9 m\u00f4\u017eu, ale nemusia svrbie\u0165. Seboroick\u00e1 dermatit\u00edda postihuje najme \u010dasti poko\u017eky, ktor\u00e9 s\u00fa mastn\u00e9, alebo tam, kde sa nach\u00e1dzaj\u00fa mazov\u00e9 \u017e\u013eazy. Nadmern\u00e9 mastenie poko\u017eky vedie k vytvoreniu siln\u00e9ho mazov\u00e9ho filmu na ko\u017ei.<\/p><\/div>\n\t\t\t\t<\/div>\n\t\t\t\t\t\t\t<div class=\"elementor-toggle-item\">\n\t\t\t\t\t<div id=\"elementor-tab-title-1587\" class=\"elementor-tab-title\" data-tab=\"7\" role=\"tab\" aria-controls=\"elementor-tab-content-1587\" aria-expanded=\"false\">\n\t\t\t\t\t\t\t\t\t\t\t\t<span class=\"elementor-toggle-icon elementor-toggle-icon-left\" aria-hidden=\"true\">\n\t\t\t\t\t\t\t\t\t\t\t\t\t\t\t<span class=\"elementor-toggle-icon-closed\"><i class=\"fas fa-caret-right\"><\/i><\/span>\n\t\t\t\t\t\t\t\t<span class=\"elementor-toggle-icon-opened\"><i class=\"elementor-toggle-icon-opened fas fa-caret-up\"><\/i><\/span>\n\t\t\t\t\t\t\t\t\t\t\t\t\t<\/span>\n\t\t\t\t\t\t\t\t\t\t\t\t<a href=\"\" class=\"elementor-toggle-title\">Sol\u00e1rna dermatit\u00edda<\/a>\n\t\t\t\t\t<\/div>\n\n\t\t\t\t\t<div id=\"elementor-tab-content-1587\" class=\"elementor-tab-content elementor-clearfix\" data-tab=\"7\" role=\"tabpanel\" aria-labelledby=\"elementor-tab-title-1587\"><p>Slne\u010dn\u00e1 alergia nie je alergiou v pravom zmysle slova. Reakcia na slnko sa s\u00edce podob\u00e1 alergickej, ale pr\u00ed\u010dina nie v slne\u010dn\u00fdch l\u00fa\u010doch, ale v\u00a0\u013eudskom organizme.\u00a0Dlhodob\u00e9 vystavenie sa ultrafialov\u00e9mu \u017eiareniu m\u00f4\u017ee vyvola\u0165 \u00a0sp\u00e1lenie poko\u017eky \u010dasto kr\u00e1t kon\u010diace samotn\u00fdm z\u00e1palom, ktor\u00fd sa prejavuje za\u010dervenan\u00edm a vznikom p\u013euzgierikov na povrchu poko\u017eky.<\/p><\/div>\n\t\t\t\t<\/div>\n\t\t\t\t\t\t\t<div class=\"elementor-toggle-item\">\n\t\t\t\t\t<div id=\"elementor-tab-title-1588\" class=\"elementor-tab-title\" data-tab=\"8\" role=\"tab\" aria-controls=\"elementor-tab-content-1588\" aria-expanded=\"false\">\n\t\t\t\t\t\t\t\t\t\t\t\t<span class=\"elementor-toggle-icon elementor-toggle-icon-left\" aria-hidden=\"true\">\n\t\t\t\t\t\t\t\t\t\t\t\t\t\t\t<span class=\"elementor-toggle-icon-closed\"><i class=\"fas fa-caret-right\"><\/i><\/span>\n\t\t\t\t\t\t\t\t<span class=\"elementor-toggle-icon-opened\"><i class=\"elementor-toggle-icon-opened fas fa-caret-up\"><\/i><\/span>\n\t\t\t\t\t\t\t\t\t\t\t\t\t<\/span>\n\t\t\t\t\t\t\t\t\t\t\t\t<a href=\"\" class=\"elementor-toggle-title\">Fototoxick\u00e1 dermatit\u00edda<\/a>\n\t\t\t\t\t<\/div>\n\n\t\t\t\t\t<div id=\"elementor-tab-content-1588\" class=\"elementor-tab-content elementor-clearfix\" data-tab=\"8\" role=\"tabpanel\" aria-labelledby=\"elementor-tab-title-1588\"><p>Definuje sa ako fotochemicky vyvolan\u00e1 z\u00e1palov\u00e1 ko\u017en\u00e1 reakcia v exponovanej oblasti bez imunologick\u00e9ho z\u00e1kladu. Manifestuje sa spravidla ako vystup\u0148ovan\u00fd obraz sol\u00e1rnej dermatit\u00eddy. K\u00fdm pri sol\u00e1rnej dermatit\u00edde ide o kvantitat\u00edvne pred\u00e1vkovanie UV \u017eiarenia, na vyvolanie fototoxickej reakcie je okrem UV \u017eiarenia potrebn\u00fd fotosenzibiliz\u00e1tor. Fototoxick\u00e9 reakcie maj\u00fa toxick\u00fd podklad a m\u00f4\u017eu sa vyskytn\u00fa\u0165 u\u017e pri prvom kontakte s fotosenzibiliz\u00e1torom.<\/p><\/div>\n\t\t\t\t<\/div>\n\t\t\t\t\t\t\t<div class=\"elementor-toggle-item\">\n\t\t\t\t\t<div id=\"elementor-tab-title-1589\" class=\"elementor-tab-title\" data-tab=\"9\" role=\"tab\" aria-controls=\"elementor-tab-content-1589\" aria-expanded=\"false\">\n\t\t\t\t\t\t\t\t\t\t\t\t<span class=\"elementor-toggle-icon elementor-toggle-icon-left\" aria-hidden=\"true\">\n\t\t\t\t\t\t\t\t\t\t\t\t\t\t\t<span class=\"elementor-toggle-icon-closed\"><i class=\"fas fa-caret-right\"><\/i><\/span>\n\t\t\t\t\t\t\t\t<span class=\"elementor-toggle-icon-opened\"><i class=\"elementor-toggle-icon-opened fas fa-caret-up\"><\/i><\/span>\n\t\t\t\t\t\t\t\t\t\t\t\t\t<\/span>\n\t\t\t\t\t\t\t\t\t\t\t\t<a href=\"\" class=\"elementor-toggle-title\">Fytofotodermatit\u00edda<\/a>\n\t\t\t\t\t<\/div>\n\n\t\t\t\t\t<div id=\"elementor-tab-content-1589\" class=\"elementor-tab-content elementor-clearfix\" data-tab=\"9\" role=\"tabpanel\" aria-labelledby=\"elementor-tab-title-1589\"><p>\u010eal\u0161\u00ed typ fytotoxickej dermatit\u00eddy, ktor\u00e1 vznik\u00e1 po \u00fa\u010dinku chemik\u00e1li\u00ed (furokumar\u00edny) obsiahnut\u00fdch v mnoh\u00fdch rastlin\u00e1ch (bo\u013e\u0161evn\u00edk obrovsk\u00fd). Klinick\u00e9 pr\u00edznaky fytofotodermatit\u00eddy sa objavia pribli\u017ene do 24 hod\u00edn. V\u00a0mieste kontaktu ko\u017ee s\u00a0rastlinou vznik\u00e1 eryt\u00e9m, ed\u00e9m, p\u013euzgiere, po odznen\u00ed z\u00e1palu na ko\u017ei dlhodobo pretrv\u00e1va hyperpigment\u00e1cia. Tak\u00e1to reakcia m\u00f4\u017ee vznikn\u00fa\u0165 aj po niektor\u00fdch liekoch, konzum\u00e1cii niektor\u00fdch rastl\u00edn, ich plodov alebo v\u00fd\u0165a\u017ekov a\u00a0n\u00e1slednom o\u017eiaren\u00ed ko\u017ee pr\u00edrodn\u00fdm svetlom.<\/p><\/div>\n\t\t\t\t<\/div>\n\t\t\t\t\t\t\t\t<\/div>\n\t\t\t\t<\/div>\n\t\t\t\t<\/div>\n\t\t\t\t\t<\/div>\n\t\t<\/div>\n\t\t\t\t\t\t\t<\/div>\n\t\t<\/section>\n\t\t\t\t<section class=\"elementor-section elementor-top-section elementor-element elementor-element-74330ec elementor-section-boxed elementor-section-height-default elementor-section-height-default\" data-id=\"74330ec\" data-element_type=\"section\" data-settings=\"{&quot;_ha_eqh_enable&quot;:false}\">\n\t\t\t\t\t\t<div class=\"elementor-container elementor-column-gap-default\">\n\t\t\t\t\t<div class=\"elementor-column elementor-col-100 elementor-top-column elementor-element elementor-element-016f239\" data-id=\"016f239\" data-element_type=\"column\">\n\t\t\t<div class=\"elementor-widget-wrap elementor-element-populated\">\n\t\t\t\t\t\t\t\t<div class=\"elementor-element elementor-element-7f0a2f3 elementor-widget elementor-widget-spacer\" data-id=\"7f0a2f3\" data-element_type=\"widget\" data-widget_type=\"spacer.default\">\n\t\t\t\t<div class=\"elementor-widget-container\">\n\t\t\t<style>\/*! elementor - v3.6.5 - 27-04-2022 *\/\n.e-container.e-container--row .elementor-spacer-inner{width:var(--spacer-size)}.e-container.e-container--column .elementor-spacer-inner,.elementor-column .elementor-spacer-inner{height:var(--spacer-size)}<\/style>\t\t<div class=\"elementor-spacer\">\n\t\t\t<div class=\"elementor-spacer-inner\"><\/div>\n\t\t<\/div>\n\t\t\t\t<\/div>\n\t\t\t\t<\/div>\n\t\t\t\t\t<\/div>\n\t\t<\/div>\n\t\t\t\t\t\t\t<\/div>\n\t\t<\/section>\n\t\t\t\t<section class=\"elementor-section elementor-top-section elementor-element elementor-element-2944b131 elementor-section-boxed elementor-section-height-default elementor-section-height-default\" data-id=\"2944b131\" data-element_type=\"section\" data-settings=\"{&quot;_ha_eqh_enable&quot;:false}\">\n\t\t\t\t\t\t<div class=\"elementor-container elementor-column-gap-default\">\n\t\t\t\t\t<div class=\"elementor-column elementor-col-100 elementor-top-column elementor-element elementor-element-297f122e\" data-id=\"297f122e\" data-element_type=\"column\">\n\t\t\t<div class=\"elementor-widget-wrap elementor-element-populated\">\n\t\t\t\t\t\t\t\t<div class=\"elementor-element elementor-element-2b5803f5 content-align-cta-default elementor-widget elementor-widget-eael-cta-box\" data-id=\"2b5803f5\" data-element_type=\"widget\" data-widget_type=\"eael-cta-box.default\">\n\t\t\t\t<div class=\"elementor-widget-container\">\n\t\t\t\t\t<div class=\"eael-call-to-action cta-basic bg-lite cta-preset-1\">\n        <h2 class=\"title\">Objednajte Sa Na Neinvaz\u00edvne Vy\u0161etrenie U\u017e Dnes<\/h2><p><p>Nav\u0161t\u00edvte n\u00e1s a ziskajte v\u0161etky v\u00fdhody modernej neinvaz\u00edvnej diagnostiky.<\/p><\/p><a href=\"https:\/\/www.ncds.sk\/base\/?page_id=37\" class=\"cta-button  \">Objedna\u0165 sa<\/a>\t<\/div>\n\t\t\t\t\t\t<\/div>\n\t\t\t\t<\/div>\n\t\t\t\t\t<\/div>\n\t\t<\/div>\n\t\t\t\t\t\t\t<\/div>\n\t\t<\/section>\n\t\t\t\t\t\t\t<\/div>\n\t\t","protected":false},"excerpt":{"rendered":"<p>Ekz\u00e9m (dermatit\u00edda) \u010co je to ekz\u00e9m? Ekz\u00e9mom \u010dasto ozna\u010dujeme ak\u00fako\u013evek vyr\u00e1\u017eku na ko\u017ei alebo r\u00f4zne farebn\u00e9 a svrbiv\u00e9 \u0161kvrny. Ekz\u00e9mov &nbsp;je pritom mnoho druhov a maj\u00fa r\u00f4zne pr\u00ed\u010diny, rovnako ako je \u0161irok\u00e9 spektrum ich z\u00e1va\u017enosti a lie\u010dby. Ko\u017en\u00e9 onemocnenie naz\u00fdvan\u00e9 ekz\u00e9mom (dermatit\u00edda) je spolo\u010dn\u00fd term\u00edn pre neinfek\u010dn\u00e9 z\u00e1paly ko\u017ee, ktor\u00e9 nie s\u00fa n\u00e1kazliv\u00e9. Medzi hlavn\u00e9 sympt\u00f3my dermatit\u00eddy patr\u00ed svrbenie, za\u010dervenanie ko\u017ee, niekedy sa vytv\u00e1raj\u00fa p\u013euzgiere, ktor\u00e9 n\u00e1sledne praskaj\u00fa a&nbsp;olupuj\u00fa sa (er\u00f3zia ko\u017ee). Na vznik ekz\u00e9mov maj\u00fa vplyv r\u00f4zne l\u00e1tky nach\u00e1dzaj\u00face sa v okolitom prostred\u00ed, ktor\u00e9 sa dostan\u00fa do styku s poko\u017ekou, vd\u00fdchnut\u00edm alebo peror\u00e1lne (tekutinou alebo potravinou). Niekedy ich priebeh\u2026<\/p>\n","protected":false},"author":1,"featured_media":0,"parent":31,"menu_order":0,"comment_status":"closed","ping_status":"closed","template":"","meta":{"footnotes":""},"class_list":["post-202","page","type-page","status-publish","hentry"],"blocksy_meta":{"styles_descriptor":{"styles":{"desktop":"","tablet":"","mobile":""},"google_fonts":[],"version":5}},"_links":{"self":[{"href":"https:\/\/www.ncds.sk\/base\/index.php?rest_route=\/wp\/v2\/pages\/202","targetHints":{"allow":["GET"]}}],"collection":[{"href":"https:\/\/www.ncds.sk\/base\/index.php?rest_route=\/wp\/v2\/pages"}],"about":[{"href":"https:\/\/www.ncds.sk\/base\/index.php?rest_route=\/wp\/v2\/types\/page"}],"author":[{"embeddable":true,"href":"https:\/\/www.ncds.sk\/base\/index.php?rest_route=\/wp\/v2\/users\/1"}],"replies":[{"embeddable":true,"href":"https:\/\/www.ncds.sk\/base\/index.php?rest_route=%2Fwp%2Fv2%2Fcomments&post=202"}],"version-history":[{"count":8,"href":"https:\/\/www.ncds.sk\/base\/index.php?rest_route=\/wp\/v2\/pages\/202\/revisions"}],"predecessor-version":[{"id":366,"href":"https:\/\/www.ncds.sk\/base\/index.php?rest_route=\/wp\/v2\/pages\/202\/revisions\/366"}],"up":[{"embeddable":true,"href":"https:\/\/www.ncds.sk\/base\/index.php?rest_route=\/wp\/v2\/pages\/31"}],"wp:attachment":[{"href":"https:\/\/www.ncds.sk\/base\/index.php?rest_route=%2Fwp%2Fv2%2Fmedia&parent=202"}],"curies":[{"name":"wp","href":"https:\/\/api.w.org\/{rel}","templated":true}]}}